{"version":"1.0","provider_name":"Recherches de Science Religieuse","provider_url":"https:\/\/dev.centtreize.com\/rsr","author_name":"H\u00e9l\u00e8ne","author_url":"https:\/\/dev.centtreize.com\/rsr\/author\/rsr\/","title":"Le Cinquantenaire de l\u2019ouverture du concile Vatican II... - Recherches de Science Religieuse","type":"rich","width":600,"height":338,"html":"<blockquote class=\"wp-embedded-content\" data-secret=\"NpdvwayyFi\"><a href=\"https:\/\/dev.centtreize.com\/rsr\/edito\/le-cinquantenaire-de-louverture-du-concile-vatican-ii\/\">Le Cinquantenaire de l\u2019ouverture du concile Vatican II&#8230;<\/a><\/blockquote><iframe sandbox=\"allow-scripts\" security=\"restricted\" src=\"https:\/\/dev.centtreize.com\/rsr\/edito\/le-cinquantenaire-de-louverture-du-concile-vatican-ii\/embed\/#?secret=NpdvwayyFi\" width=\"600\" height=\"338\" title=\"\u00ab\u00a0Le Cinquantenaire de l\u2019ouverture du concile Vatican II&#8230;\u00a0\u00bb &#8212; Recherches de Science Religieuse\" data-secret=\"NpdvwayyFi\" frameborder=\"0\" marginwidth=\"0\" marginheight=\"0\" scrolling=\"no\" class=\"wp-embedded-content\"><\/iframe><script>\n\/*! This file is auto-generated *\/\n!function(d,l){\"use strict\";l.querySelector&&d.addEventListener&&\"undefined\"!=typeof URL&&(d.wp=d.wp||{},d.wp.receiveEmbedMessage||(d.wp.receiveEmbedMessage=function(e){var t=e.data;if((t||t.secret||t.message||t.value)&&!\/[^a-zA-Z0-9]\/.test(t.secret)){for(var s,r,n,a=l.querySelectorAll('iframe[data-secret=\"'+t.secret+'\"]'),o=l.querySelectorAll('blockquote[data-secret=\"'+t.secret+'\"]'),c=new RegExp(\"^https?:$\",\"i\"),i=0;i<o.length;i++)o[i].style.display=\"none\";for(i=0;i<a.length;i++)s=a[i],e.source===s.contentWindow&&(s.removeAttribute(\"style\"),\"height\"===t.message?(1e3<(r=parseInt(t.value,10))?r=1e3:~~r<200&&(r=200),s.height=r):\"link\"===t.message&&(r=new URL(s.getAttribute(\"src\")),n=new URL(t.value),c.test(n.protocol))&&n.host===r.host&&l.activeElement===s&&(d.top.location.href=t.value))}},d.addEventListener(\"message\",d.wp.receiveEmbedMessage,!1),l.addEventListener(\"DOMContentLoaded\",function(){for(var e,t,s=l.querySelectorAll(\"iframe.wp-embedded-content\"),r=0;r<s.length;r++)(t=(e=s[r]).getAttribute(\"data-secret\"))||(t=Math.random().toString(36).substring(2,12),e.src+=\"#?secret=\"+t,e.setAttribute(\"data-secret\",t)),e.contentWindow.postMessage({message:\"ready\",secret:t},\"*\")},!1)))}(window,document);\n\/\/# sourceURL=https:\/\/dev.centtreize.com\/rsr\/wp-includes\/js\/wp-embed.min.js\n<\/script>\n","description":"Le Cinquantenaire de l\u2019ouverture du concile Vatican II (11 octobre 1962) pourrait \u00eatre l\u2019occasion d\u2019une prise de conscience collective quant \u00e0 l\u2019avenir de la tradition chr\u00e9tienne au sein d\u2019une civilisation mondialis\u00e9e qui a du mal \u00e0 envisager une nouvelle mani\u00e8re d\u2019habiter notre globe. Nous savons bien que les c\u00e9l\u00e9brations anniversaires de grands \u00e9v\u00e9nements historiques ou de&nbsp;\u00ab&nbsp;h\u00e9ros&nbsp;\u00bb, culturels et politiques, sont fr\u00e9quemment utilis\u00e9es \u00e0 des fins partisanes ou pour mieux contr\u00f4ler l\u2019interpr\u00e9tation d\u2019une m\u00e9moire commune. Pourquoi le Concile \u00e9chapperait-il \u00e0 ces conflits d\u2019int\u00e9r\u00eat&nbsp;? On peut esp\u00e9rer cependant que des voix diverses se l\u00e8veront pour d\u00e9noncer toute r\u00e9cup\u00e9ration et faire appara\u00eetre le&nbsp;\u00ab&nbsp;potentiel&nbsp;\u00bb de cr\u00e9ativit\u00e9 que garde cet \u00e9v\u00e9nement (comme d\u2019autres grands moments de l\u2019histoire), que les croyants peuvent recevoir de Celui qu\u2019ils reconnaissent comme&nbsp;\u00ab&nbsp;le ma\u00eetre de l\u2019histoire&nbsp;\u00bb."}