{"version":"1.0","provider_name":"Recherches de Science Religieuse","provider_url":"https:\/\/dev.centtreize.com\/rsr","author_name":"revue@dmin","author_url":"https:\/\/dev.centtreize.com\/rsr\/author\/revuedmin\/","title":"Vatican II, l\u2019\u00e9v\u00e9nement des historiens - Recherches de Science Religieuse","type":"rich","width":600,"height":338,"html":"<blockquote class=\"wp-embedded-content\" data-secret=\"TdSSdzkrQ4\"><a href=\"https:\/\/dev.centtreize.com\/rsr\/article\/vatican-ii-levenement-des-historiens\/\">Vatican II, l\u2019\u00e9v\u00e9nement des historiens<\/a><\/blockquote><iframe sandbox=\"allow-scripts\" security=\"restricted\" src=\"https:\/\/dev.centtreize.com\/rsr\/article\/vatican-ii-levenement-des-historiens\/embed\/#?secret=TdSSdzkrQ4\" width=\"600\" height=\"338\" title=\"\u00ab\u00a0Vatican II, l\u2019\u00e9v\u00e9nement des historiens\u00a0\u00bb &#8212; Recherches de Science Religieuse\" data-secret=\"TdSSdzkrQ4\" frameborder=\"0\" marginwidth=\"0\" marginheight=\"0\" scrolling=\"no\" class=\"wp-embedded-content\"><\/iframe><script>\n\/*! This file is auto-generated *\/\n!function(d,l){\"use strict\";l.querySelector&&d.addEventListener&&\"undefined\"!=typeof URL&&(d.wp=d.wp||{},d.wp.receiveEmbedMessage||(d.wp.receiveEmbedMessage=function(e){var t=e.data;if((t||t.secret||t.message||t.value)&&!\/[^a-zA-Z0-9]\/.test(t.secret)){for(var s,r,n,a=l.querySelectorAll('iframe[data-secret=\"'+t.secret+'\"]'),o=l.querySelectorAll('blockquote[data-secret=\"'+t.secret+'\"]'),c=new RegExp(\"^https?:$\",\"i\"),i=0;i<o.length;i++)o[i].style.display=\"none\";for(i=0;i<a.length;i++)s=a[i],e.source===s.contentWindow&&(s.removeAttribute(\"style\"),\"height\"===t.message?(1e3<(r=parseInt(t.value,10))?r=1e3:~~r<200&&(r=200),s.height=r):\"link\"===t.message&&(r=new URL(s.getAttribute(\"src\")),n=new URL(t.value),c.test(n.protocol))&&n.host===r.host&&l.activeElement===s&&(d.top.location.href=t.value))}},d.addEventListener(\"message\",d.wp.receiveEmbedMessage,!1),l.addEventListener(\"DOMContentLoaded\",function(){for(var e,t,s=l.querySelectorAll(\"iframe.wp-embedded-content\"),r=0;r<s.length;r++)(t=(e=s[r]).getAttribute(\"data-secret\"))||(t=Math.random().toString(36).substring(2,12),e.src+=\"#?secret=\"+t,e.setAttribute(\"data-secret\",t)),e.contentWindow.postMessage({message:\"ready\",secret:t},\"*\")},!1)))}(window,document);\n\/\/# sourceURL=https:\/\/dev.centtreize.com\/rsr\/wp-includes\/js\/wp-embed.min.js\n<\/script>\n","description":"A propos de l\u2019Histoire du Concile Vatican II, 1959-1965 r\u00e9alis\u00e9e sous la direction de Giuseppe Alberigo, P. Vallin appr\u00e9cie les enjeux de ce Concile tels que le recul du temps et donc la distanciation historienne permettent d\u2019en parler. Mais son analyse de l\u2019\u0153uvre va plus loin dans la mesure o\u00f9 il tente d\u2019appr\u00e9cier l\u2019action historienne dans le travail m\u00eame des historiens. En dehors du fait qu\u2019ils ont le recul du temps, ils disposent d\u2019un ensemble de documents et surtout d\u2019archives plus ou moins personnelles d\u2019acteurs et de t\u00e9moins qui posent la question de la&nbsp;\u00ab&nbsp;relecture&nbsp;\u00bb de l\u2019\u00e9v\u00e8nement. A quoi s\u2019ajoute la&nbsp;\u00ab&nbsp;construction du r\u00e9cit&nbsp;\u00bb.&nbsp;\u00ab&nbsp;Probl\u00e8me complexe, sur lequel tous les collaborateurs des entreprises d\u2019histoire sociale, culturelle, voire politique, ne donnent pas les m\u00eames r\u00e9ponses&nbsp;\u00bb. Les auteurs de cette \u0153uvre monumentale et tout \u00e0 fait remarquable, n\u2019\u00e9chappent pas \u00e0 cette question et \u00e0 la multiplicit\u00e9 des r\u00e9ponses."}