{"version":"1.0","provider_name":"Recherches de Science Religieuse","provider_url":"https:\/\/dev.centtreize.com\/rsr","author_name":"H\u00e9l\u00e8ne","author_url":"https:\/\/dev.centtreize.com\/rsr\/author\/rsr\/","title":"Synodalit\u00e9 et eccl\u00e9siologie de l'\u00c9glise universelle - Recherches de Science Religieuse","type":"rich","width":600,"height":338,"html":"<blockquote class=\"wp-embedded-content\" data-secret=\"8IHTn5pH2A\"><a href=\"https:\/\/dev.centtreize.com\/rsr\/article\/synodalite-et-ecclesiologie-de-leglise-universelle\/\">Synodalit\u00e9 et eccl\u00e9siologie de l&rsquo;\u00c9glise universelle<\/a><\/blockquote><iframe sandbox=\"allow-scripts\" security=\"restricted\" src=\"https:\/\/dev.centtreize.com\/rsr\/article\/synodalite-et-ecclesiologie-de-leglise-universelle\/embed\/#?secret=8IHTn5pH2A\" width=\"600\" height=\"338\" title=\"\u00ab\u00a0Synodalit\u00e9 et eccl\u00e9siologie de l&rsquo;\u00c9glise universelle\u00a0\u00bb &#8212; Recherches de Science Religieuse\" data-secret=\"8IHTn5pH2A\" frameborder=\"0\" marginwidth=\"0\" marginheight=\"0\" scrolling=\"no\" class=\"wp-embedded-content\"><\/iframe><script>\n\/*! This file is auto-generated *\/\n!function(d,l){\"use strict\";l.querySelector&&d.addEventListener&&\"undefined\"!=typeof URL&&(d.wp=d.wp||{},d.wp.receiveEmbedMessage||(d.wp.receiveEmbedMessage=function(e){var t=e.data;if((t||t.secret||t.message||t.value)&&!\/[^a-zA-Z0-9]\/.test(t.secret)){for(var s,r,n,a=l.querySelectorAll('iframe[data-secret=\"'+t.secret+'\"]'),o=l.querySelectorAll('blockquote[data-secret=\"'+t.secret+'\"]'),c=new RegExp(\"^https?:$\",\"i\"),i=0;i<o.length;i++)o[i].style.display=\"none\";for(i=0;i<a.length;i++)s=a[i],e.source===s.contentWindow&&(s.removeAttribute(\"style\"),\"height\"===t.message?(1e3<(r=parseInt(t.value,10))?r=1e3:~~r<200&&(r=200),s.height=r):\"link\"===t.message&&(r=new URL(s.getAttribute(\"src\")),n=new URL(t.value),c.test(n.protocol))&&n.host===r.host&&l.activeElement===s&&(d.top.location.href=t.value))}},d.addEventListener(\"message\",d.wp.receiveEmbedMessage,!1),l.addEventListener(\"DOMContentLoaded\",function(){for(var e,t,s=l.querySelectorAll(\"iframe.wp-embedded-content\"),r=0;r<s.length;r++)(t=(e=s[r]).getAttribute(\"data-secret\"))||(t=Math.random().toString(36).substring(2,12),e.src+=\"#?secret=\"+t,e.setAttribute(\"data-secret\",t)),e.contentWindow.postMessage({message:\"ready\",secret:t},\"*\")},!1)))}(window,document);\n\/\/# sourceURL=https:\/\/dev.centtreize.com\/rsr\/wp-includes\/js\/wp-embed.min.js\n<\/script>\n","description":"L\u2019eccl\u00e9siologie \u00e0 perspective universaliste qui a \u00e9t\u00e9, sur le tr\u00e8s long\u00a0terme, celle de l\u2019\u00c9glise catholique, n\u2019a pas favoris\u00e9 l\u2019\u00e9mergence\u00a0d\u2019institutions incarnant une synodalit\u00e9 r\u00e9elle, notamment entre\u00a0les \u00e9v\u00eaques et donc les \u00c9glises locales dont ils ont la charge. Ce qui\u00a0aurait pu aller en ce sens a, apr\u00e8s le concile, \u00e9t\u00e9 d\u00e9lib\u00e9r\u00e9ment frein\u00e9\u00a0par plusieurs initiatives en provenance de Rome. Il est vrai que le\u00a0concile lui-m\u00eame, en promouvant une vision de la&nbsp;\u00ab&nbsp;coll\u00e9gialit\u00e9&nbsp;\u00bb\u00a0en termes de coll\u00e8ge \u00e9piscopal succ\u00e9dant au coll\u00e8ge des ap\u00f4tres, en\u00a0est rest\u00e9 \u00e0 une perspective universaliste. Une autre relecture des origines\u00a0chr\u00e9tiennes permettrait de fonder une v\u00e9ritable eccl\u00e9siologie\u00a0de communion des \u00c9glises."}