{"version":"1.0","provider_name":"Recherches de Science Religieuse","provider_url":"https:\/\/dev.centtreize.com\/rsr","author_name":"H\u00e9l\u00e8ne","author_url":"https:\/\/dev.centtreize.com\/rsr\/author\/rsr\/","title":"R\u00e9forme liturgique et \u00e9glise locale - Recherches de Science Religieuse","type":"rich","width":600,"height":338,"html":"<blockquote class=\"wp-embedded-content\" data-secret=\"4e9NxdZZ0N\"><a href=\"https:\/\/dev.centtreize.com\/rsr\/article\/reforme-liturgique-et-eglise-locale\/\">R\u00e9forme liturgique et \u00e9glise locale<\/a><\/blockquote><iframe sandbox=\"allow-scripts\" security=\"restricted\" src=\"https:\/\/dev.centtreize.com\/rsr\/article\/reforme-liturgique-et-eglise-locale\/embed\/#?secret=4e9NxdZZ0N\" width=\"600\" height=\"338\" title=\"\u00ab\u00a0R\u00e9forme liturgique et \u00e9glise locale\u00a0\u00bb &#8212; Recherches de Science Religieuse\" data-secret=\"4e9NxdZZ0N\" frameborder=\"0\" marginwidth=\"0\" marginheight=\"0\" scrolling=\"no\" class=\"wp-embedded-content\"><\/iframe><script>\n\/*! This file is auto-generated *\/\n!function(d,l){\"use strict\";l.querySelector&&d.addEventListener&&\"undefined\"!=typeof URL&&(d.wp=d.wp||{},d.wp.receiveEmbedMessage||(d.wp.receiveEmbedMessage=function(e){var t=e.data;if((t||t.secret||t.message||t.value)&&!\/[^a-zA-Z0-9]\/.test(t.secret)){for(var s,r,n,a=l.querySelectorAll('iframe[data-secret=\"'+t.secret+'\"]'),o=l.querySelectorAll('blockquote[data-secret=\"'+t.secret+'\"]'),c=new RegExp(\"^https?:$\",\"i\"),i=0;i<o.length;i++)o[i].style.display=\"none\";for(i=0;i<a.length;i++)s=a[i],e.source===s.contentWindow&&(s.removeAttribute(\"style\"),\"height\"===t.message?(1e3<(r=parseInt(t.value,10))?r=1e3:~~r<200&&(r=200),s.height=r):\"link\"===t.message&&(r=new URL(s.getAttribute(\"src\")),n=new URL(t.value),c.test(n.protocol))&&n.host===r.host&&l.activeElement===s&&(d.top.location.href=t.value))}},d.addEventListener(\"message\",d.wp.receiveEmbedMessage,!1),l.addEventListener(\"DOMContentLoaded\",function(){for(var e,t,s=l.querySelectorAll(\"iframe.wp-embedded-content\"),r=0;r<s.length;r++)(t=(e=s[r]).getAttribute(\"data-secret\"))||(t=Math.random().toString(36).substring(2,12),e.src+=\"#?secret=\"+t,e.setAttribute(\"data-secret\",t)),e.contentWindow.postMessage({message:\"ready\",secret:t},\"*\")},!1)))}(window,document);\n\/\/# sourceURL=https:\/\/dev.centtreize.com\/rsr\/wp-includes\/js\/wp-embed.min.js\n<\/script>\n","description":"L\u2019article analyse la question de la r\u00e9forme liturgique apr\u00e8s Vatican II au niveau de l\u2019\u00c9glise locale, en tentant de d\u00e9finir la juste relation entre l\u2019ordre (liturgique) et la libert\u00e9 et la la possibilit\u00e9 de proc\u00e9der \u00e0 des adaptations concr\u00e8tes en fonction de la situation pastorale. Le conflit autour du nouveau rituel allemand des obs\u00e8ques, publi\u00e9 en 2009, sert d\u2019entr\u00e9e en mati\u00e8re. Dans un deuxi\u00e8me temps, l\u2019article pr\u00e9sente un \u00e9ventail des r\u00e9sultats d\u2019une enqu\u00eate qualitative sur la liturgie de Car\u00eame et de P\u00e2ques, pour dresser ensuite un bilan th\u00e9ologique s\u2019int\u00e9ressant \u00e0 la question de fond qui se tient \u00e0 l\u2019arri\u00e8re-plan de tout ce d\u00e9bat&nbsp;: la condition de possibilit\u00e9 de penser de fa\u00e7on appropri\u00e9e le primat de l\u2019action de Dieu dans la liturgie, qui, seule, porte et rend possible la r\u00e9ponse de l\u2019homme."}