{"version":"1.0","provider_name":"Recherches de Science Religieuse","provider_url":"https:\/\/dev.centtreize.com\/rsr","author_name":"revue@dmin","author_url":"https:\/\/dev.centtreize.com\/rsr\/author\/revuedmin\/","title":"Parole et sacrement - Recherches de Science Religieuse","type":"rich","width":600,"height":338,"html":"<blockquote class=\"wp-embedded-content\" data-secret=\"7slZ5gCh00\"><a href=\"https:\/\/dev.centtreize.com\/rsr\/article\/parole-et-sacrement\/\">Parole et sacrement<\/a><\/blockquote><iframe sandbox=\"allow-scripts\" security=\"restricted\" src=\"https:\/\/dev.centtreize.com\/rsr\/article\/parole-et-sacrement\/embed\/#?secret=7slZ5gCh00\" width=\"600\" height=\"338\" title=\"\u00ab\u00a0Parole et sacrement\u00a0\u00bb &#8212; Recherches de Science Religieuse\" data-secret=\"7slZ5gCh00\" frameborder=\"0\" marginwidth=\"0\" marginheight=\"0\" scrolling=\"no\" class=\"wp-embedded-content\"><\/iframe><script>\n\/*! This file is auto-generated *\/\n!function(d,l){\"use strict\";l.querySelector&&d.addEventListener&&\"undefined\"!=typeof URL&&(d.wp=d.wp||{},d.wp.receiveEmbedMessage||(d.wp.receiveEmbedMessage=function(e){var t=e.data;if((t||t.secret||t.message||t.value)&&!\/[^a-zA-Z0-9]\/.test(t.secret)){for(var s,r,n,a=l.querySelectorAll('iframe[data-secret=\"'+t.secret+'\"]'),o=l.querySelectorAll('blockquote[data-secret=\"'+t.secret+'\"]'),c=new RegExp(\"^https?:$\",\"i\"),i=0;i<o.length;i++)o[i].style.display=\"none\";for(i=0;i<a.length;i++)s=a[i],e.source===s.contentWindow&&(s.removeAttribute(\"style\"),\"height\"===t.message?(1e3<(r=parseInt(t.value,10))?r=1e3:~~r<200&&(r=200),s.height=r):\"link\"===t.message&&(r=new URL(s.getAttribute(\"src\")),n=new URL(t.value),c.test(n.protocol))&&n.host===r.host&&l.activeElement===s&&(d.top.location.href=t.value))}},d.addEventListener(\"message\",d.wp.receiveEmbedMessage,!1),l.addEventListener(\"DOMContentLoaded\",function(){for(var e,t,s=l.querySelectorAll(\"iframe.wp-embedded-content\"),r=0;r<s.length;r++)(t=(e=s[r]).getAttribute(\"data-secret\"))||(t=Math.random().toString(36).substring(2,12),e.src+=\"#?secret=\"+t,e.setAttribute(\"data-secret\",t)),e.contentWindow.postMessage({message:\"ready\",secret:t},\"*\")},!1)))}(window,document);\n\/\/# sourceURL=https:\/\/dev.centtreize.com\/rsr\/wp-includes\/js\/wp-embed.min.js\n<\/script>\n","description":"Le sacramentalisme qu\u2019on s\u2019accorde, depuis longtemps d\u00e9j\u00e0, \u00e0 reconna\u00eetre comme excessif \u00e0 la fin du Moyen \u00c2ge devait conduire Luther puis les autres R\u00e9formateurs \u00e0 d\u00e9noncer la&nbsp;\u00ab&nbsp;captivit\u00e9 babylonienne&nbsp;\u00bb de l\u2019Eglise, notamment sous l\u2019esp\u00e8ce d\u2019une sorte d\u2019emprisonnement de la&nbsp;\u00ab&nbsp;Parole de Dieu&nbsp;\u00bb dans l\u2019institution sacramentelle, emprisonnement qui fut analogiquement d\u00e9nonc\u00e9, \u00e0 l\u2019\u00e9poque moderne, dans l\u2019institution magist\u00e9rielle de l\u2019Eglise. Cette opposition entre Parole et Sacrement a en outre connu au XXe si\u00e8cle une sorte de redoublement avec la dichotomie entre la&nbsp;\u00ab&nbsp;foi&nbsp;\u00bb et la&nbsp;\u00ab&nbsp;religion&nbsp;\u00bb, dichotomie qui a d\u2019ailleurs travers\u00e9 aussi bien le camp&nbsp;\u00ab&nbsp;catholique&nbsp;\u00bb que le camp&nbsp;\u00ab&nbsp;protestant&nbsp;\u00bb, la foi \u00e9tant mise du c\u00f4t\u00e9 de la Parole, cens\u00e9e \u00eatre n\u00e9cessairement plus&nbsp;\u00ab&nbsp;pure&nbsp;\u00bb que les sacrements, lesquels rel\u00e8veraient plut\u00f4t de la&nbsp;\u00ab&nbsp;religion&nbsp;\u00bb avec toutes les ambigu\u00eft\u00e9s que prend alors le terme devenu proche de la&nbsp;\u00ab&nbsp;magie&nbsp;\u00bb. La donne ayant aujourd\u2019hui consid\u00e9rablement chang\u00e9, il semble clair que l\u2019on peut, dans la fid\u00e9lit\u00e9 \u00e0 la r\u00e9gulation dogmatique de la foi catholique, penser th\u00e9ologiquement les sacrements dans le sillage direct de la Parole."}