{"version":"1.0","provider_name":"Recherches de Science Religieuse","provider_url":"https:\/\/dev.centtreize.com\/rsr","author_name":"H\u00e9l\u00e8ne","author_url":"https:\/\/dev.centtreize.com\/rsr\/author\/rsr\/","title":"Ordonner des pasteurs - Recherches de Science Religieuse","type":"rich","width":600,"height":338,"html":"<blockquote class=\"wp-embedded-content\" data-secret=\"5RCw9ex7po\"><a href=\"https:\/\/dev.centtreize.com\/rsr\/article\/ordonner-des-pasteurs\/\">Ordonner des pasteurs<\/a><\/blockquote><iframe sandbox=\"allow-scripts\" security=\"restricted\" src=\"https:\/\/dev.centtreize.com\/rsr\/article\/ordonner-des-pasteurs\/embed\/#?secret=5RCw9ex7po\" width=\"600\" height=\"338\" title=\"\u00ab\u00a0Ordonner des pasteurs\u00a0\u00bb &#8212; Recherches de Science Religieuse\" data-secret=\"5RCw9ex7po\" frameborder=\"0\" marginwidth=\"0\" marginheight=\"0\" scrolling=\"no\" class=\"wp-embedded-content\"><\/iframe><script>\n\/*! This file is auto-generated *\/\n!function(d,l){\"use strict\";l.querySelector&&d.addEventListener&&\"undefined\"!=typeof URL&&(d.wp=d.wp||{},d.wp.receiveEmbedMessage||(d.wp.receiveEmbedMessage=function(e){var t=e.data;if((t||t.secret||t.message||t.value)&&!\/[^a-zA-Z0-9]\/.test(t.secret)){for(var s,r,n,a=l.querySelectorAll('iframe[data-secret=\"'+t.secret+'\"]'),o=l.querySelectorAll('blockquote[data-secret=\"'+t.secret+'\"]'),c=new RegExp(\"^https?:$\",\"i\"),i=0;i<o.length;i++)o[i].style.display=\"none\";for(i=0;i<a.length;i++)s=a[i],e.source===s.contentWindow&&(s.removeAttribute(\"style\"),\"height\"===t.message?(1e3<(r=parseInt(t.value,10))?r=1e3:~~r<200&&(r=200),s.height=r):\"link\"===t.message&&(r=new URL(s.getAttribute(\"src\")),n=new URL(t.value),c.test(n.protocol))&&n.host===r.host&&l.activeElement===s&&(d.top.location.href=t.value))}},d.addEventListener(\"message\",d.wp.receiveEmbedMessage,!1),l.addEventListener(\"DOMContentLoaded\",function(){for(var e,t,s=l.querySelectorAll(\"iframe.wp-embedded-content\"),r=0;r<s.length;r++)(t=(e=s[r]).getAttribute(\"data-secret\"))||(t=Math.random().toString(36).substring(2,12),e.src+=\"#?secret=\"+t,e.setAttribute(\"data-secret\",t)),e.contentWindow.postMessage({message:\"ready\",secret:t},\"*\")},!1)))}(window,document);\n\/\/# sourceURL=https:\/\/dev.centtreize.com\/rsr\/wp-includes\/js\/wp-embed.min.js\n<\/script>\n","description":"Les d\u00e9s\u00e9quilibres doctrinaux de la th\u00e9ologie courante de l\u2019ordination aggravent la crise actuelle du clerg\u00e9. Selon la Tradition, les pasteurs \u00e9taient situ\u00e9s dans leur \u00c9glise et en vis-\u00e0-vis d\u2019elle. Actuellement, pr\u00eatres et \u00e9v\u00eaques sont surtout envoy\u00e9s \u00e0 leur \u00c9glise, apr\u00e8s une ordination qui les fait personnellement pr\u00eatres ou \u00e9v\u00eaques, et en second lieu pasteurs d\u2019une \u00c9glise, apr\u00e8s coup. Cet accent sur la personne individuelle des ministres (vocation ant\u00e9rieure \u00e0 l\u2019appel de l\u2019\u00c9glise&nbsp;; pouvoirs personnellement poss\u00e9d\u00e9s&nbsp;; identification au Christ), gr\u00e8ve l\u2019eccl\u00e9siologie de communion et met l\u2019accent sur l\u2019\u00c9glise comme organisation. L\u2019\u00e9vang\u00e9lisation b\u00e9n\u00e9ficierait du retour aux \u00e9quilibres traditionnels analys\u00e9s dans l\u2019article."}