{"version":"1.0","provider_name":"Recherches de Science Religieuse","provider_url":"https:\/\/dev.centtreize.com\/rsr","author_name":"H\u00e9l\u00e8ne","author_url":"https:\/\/dev.centtreize.com\/rsr\/author\/rsr\/","title":"Minist\u00e8re \u00e9piscopal et presbyt\u00e9ral en perspective - Recherches de Science Religieuse","type":"rich","width":600,"height":338,"html":"<blockquote class=\"wp-embedded-content\" data-secret=\"IQiyzGcaHy\"><a href=\"https:\/\/dev.centtreize.com\/rsr\/article\/ministere-episcopal-et-presbyteral-en-perspective\/\">Minist\u00e8re \u00e9piscopal et presbyt\u00e9ral en perspective<\/a><\/blockquote><iframe sandbox=\"allow-scripts\" security=\"restricted\" src=\"https:\/\/dev.centtreize.com\/rsr\/article\/ministere-episcopal-et-presbyteral-en-perspective\/embed\/#?secret=IQiyzGcaHy\" width=\"600\" height=\"338\" title=\"\u00ab\u00a0Minist\u00e8re \u00e9piscopal et presbyt\u00e9ral en perspective\u00a0\u00bb &#8212; Recherches de Science Religieuse\" data-secret=\"IQiyzGcaHy\" frameborder=\"0\" marginwidth=\"0\" marginheight=\"0\" scrolling=\"no\" class=\"wp-embedded-content\"><\/iframe><script>\n\/*! This file is auto-generated *\/\n!function(d,l){\"use strict\";l.querySelector&&d.addEventListener&&\"undefined\"!=typeof URL&&(d.wp=d.wp||{},d.wp.receiveEmbedMessage||(d.wp.receiveEmbedMessage=function(e){var t=e.data;if((t||t.secret||t.message||t.value)&&!\/[^a-zA-Z0-9]\/.test(t.secret)){for(var s,r,n,a=l.querySelectorAll('iframe[data-secret=\"'+t.secret+'\"]'),o=l.querySelectorAll('blockquote[data-secret=\"'+t.secret+'\"]'),c=new RegExp(\"^https?:$\",\"i\"),i=0;i<o.length;i++)o[i].style.display=\"none\";for(i=0;i<a.length;i++)s=a[i],e.source===s.contentWindow&&(s.removeAttribute(\"style\"),\"height\"===t.message?(1e3<(r=parseInt(t.value,10))?r=1e3:~~r<200&&(r=200),s.height=r):\"link\"===t.message&&(r=new URL(s.getAttribute(\"src\")),n=new URL(t.value),c.test(n.protocol))&&n.host===r.host&&l.activeElement===s&&(d.top.location.href=t.value))}},d.addEventListener(\"message\",d.wp.receiveEmbedMessage,!1),l.addEventListener(\"DOMContentLoaded\",function(){for(var e,t,s=l.querySelectorAll(\"iframe.wp-embedded-content\"),r=0;r<s.length;r++)(t=(e=s[r]).getAttribute(\"data-secret\"))||(t=Math.random().toString(36).substring(2,12),e.src+=\"#?secret=\"+t,e.setAttribute(\"data-secret\",t)),e.contentWindow.postMessage({message:\"ready\",secret:t},\"*\")},!1)))}(window,document);\n\/\/# sourceURL=https:\/\/dev.centtreize.com\/rsr\/wp-includes\/js\/wp-embed.min.js\n<\/script>\n","description":"Des th\u00e9ologiens tels Moingt, Kehl, K\u00fcng, Rahner ou Schillebeeckx, se sont int\u00e9ress\u00e9s \u00e0 plusieurs reprises au minist\u00e8re ordonn\u00e9, offrant des contributions qui peuvent stimuler, encore aujourd\u2019hui, une r\u00e9flexion sur le minist\u00e8re \u00e9piscopal et presbyt\u00e9ral en perspective. En les relisant de mani\u00e8re critique et sur la base de cet int\u00e9r\u00eat, cet essai propose de revisiter le concept de pr\u00e9sidence, la r\u00e9forme des paroisses et des nouveaux styles de communaut\u00e9, une red\u00e9finition plus pr\u00e9cise des t\u00e2ches du diaconat, une avanc\u00e9e th\u00e9ologique sur l\u2019\u00e9piscopat et le presbyt\u00e9rat, des \u00e9l\u00e9ments de r\u00e9flexion concernant le processus de formation des presbytres et le d\u00e9bat autour de la question des viri probati et de l\u2019acc\u00e8s des femmes au minist\u00e8re."}