{"version":"1.0","provider_name":"Recherches de Science Religieuse","provider_url":"https:\/\/dev.centtreize.com\/rsr","author_name":"H\u00e9l\u00e8ne","author_url":"https:\/\/dev.centtreize.com\/rsr\/author\/rsr\/","title":"Message et communaut\u00e9 : une articulation d\u00e9licate - Recherches de Science Religieuse","type":"rich","width":600,"height":338,"html":"<blockquote class=\"wp-embedded-content\" data-secret=\"a8nbVE6pHf\"><a href=\"https:\/\/dev.centtreize.com\/rsr\/article\/message-et-communaute-une-articulation-delicate\/\">Message et communaut\u00e9 : une articulation d\u00e9licate<\/a><\/blockquote><iframe sandbox=\"allow-scripts\" security=\"restricted\" src=\"https:\/\/dev.centtreize.com\/rsr\/article\/message-et-communaute-une-articulation-delicate\/embed\/#?secret=a8nbVE6pHf\" width=\"600\" height=\"338\" title=\"\u00ab\u00a0Message et communaut\u00e9 : une articulation d\u00e9licate\u00a0\u00bb &#8212; Recherches de Science Religieuse\" data-secret=\"a8nbVE6pHf\" frameborder=\"0\" marginwidth=\"0\" marginheight=\"0\" scrolling=\"no\" class=\"wp-embedded-content\"><\/iframe><script>\n\/*! This file is auto-generated *\/\n!function(d,l){\"use strict\";l.querySelector&&d.addEventListener&&\"undefined\"!=typeof URL&&(d.wp=d.wp||{},d.wp.receiveEmbedMessage||(d.wp.receiveEmbedMessage=function(e){var t=e.data;if((t||t.secret||t.message||t.value)&&!\/[^a-zA-Z0-9]\/.test(t.secret)){for(var s,r,n,a=l.querySelectorAll('iframe[data-secret=\"'+t.secret+'\"]'),o=l.querySelectorAll('blockquote[data-secret=\"'+t.secret+'\"]'),c=new RegExp(\"^https?:$\",\"i\"),i=0;i<o.length;i++)o[i].style.display=\"none\";for(i=0;i<a.length;i++)s=a[i],e.source===s.contentWindow&&(s.removeAttribute(\"style\"),\"height\"===t.message?(1e3<(r=parseInt(t.value,10))?r=1e3:~~r<200&&(r=200),s.height=r):\"link\"===t.message&&(r=new URL(s.getAttribute(\"src\")),n=new URL(t.value),c.test(n.protocol))&&n.host===r.host&&l.activeElement===s&&(d.top.location.href=t.value))}},d.addEventListener(\"message\",d.wp.receiveEmbedMessage,!1),l.addEventListener(\"DOMContentLoaded\",function(){for(var e,t,s=l.querySelectorAll(\"iframe.wp-embedded-content\"),r=0;r<s.length;r++)(t=(e=s[r]).getAttribute(\"data-secret\"))||(t=Math.random().toString(36).substring(2,12),e.src+=\"#?secret=\"+t,e.setAttribute(\"data-secret\",t)),e.contentWindow.postMessage({message:\"ready\",secret:t},\"*\")},!1)))}(window,document);\n\/\/# sourceURL=https:\/\/dev.centtreize.com\/rsr\/wp-includes\/js\/wp-embed.min.js\n<\/script>\n","description":"La communion eccl\u00e9siale est d\u2019abord partage des m\u00eames biens de salut. Deux dimensions se trouvent donc dessin\u00e9es, celle de la communaut\u00e9 et celle, premi\u00e8re, de l\u2019adh\u00e9sion de la communaut\u00e9 au message qui la constitue. La tradition catholique consid\u00e8re comme centrale l\u2019importance d\u2019un minist\u00e8re, au service de la communaut\u00e9, qui est aussi, et sans doute d\u2019abord, un magist\u00e8re, au service de l\u2019authenticit\u00e9 du message. La l\u00e9gitimit\u00e9 de ce minist\u00e8re\/magist\u00e8re est plac\u00e9e sous le signe de l\u2019apostolicit\u00e9. L\u2019article envisage un certain nombre de&nbsp;\u00ab&nbsp;blocages&nbsp;\u00bb qui, dans l\u2019histoire, ont pu affecter le jeu entre ces deux dimensions, dus notamment \u00e0 une personnalisation, \u00e0 tendances monopolistiques, du minist\u00e8re comme du magist\u00e8re. Il propose quelques perspectives de d\u00e9passements."}