{"version":"1.0","provider_name":"Recherches de Science Religieuse","provider_url":"https:\/\/dev.centtreize.com\/rsr","author_name":"revue@dmin","author_url":"https:\/\/dev.centtreize.com\/rsr\/author\/revuedmin\/","title":"Le r\u00eave d\u2019un nouveau concile - Recherches de Science Religieuse","type":"rich","width":600,"height":338,"html":"<blockquote class=\"wp-embedded-content\" data-secret=\"vauJ23fKW8\"><a href=\"https:\/\/dev.centtreize.com\/rsr\/article\/le-reve-dun-nouveau-concile\/\">Le r\u00eave d\u2019un nouveau concile<\/a><\/blockquote><iframe sandbox=\"allow-scripts\" security=\"restricted\" src=\"https:\/\/dev.centtreize.com\/rsr\/article\/le-reve-dun-nouveau-concile\/embed\/#?secret=vauJ23fKW8\" width=\"600\" height=\"338\" title=\"\u00ab\u00a0Le r\u00eave d\u2019un nouveau concile\u00a0\u00bb &#8212; Recherches de Science Religieuse\" data-secret=\"vauJ23fKW8\" frameborder=\"0\" marginwidth=\"0\" marginheight=\"0\" scrolling=\"no\" class=\"wp-embedded-content\"><\/iframe><script>\n\/*! This file is auto-generated *\/\n!function(d,l){\"use strict\";l.querySelector&&d.addEventListener&&\"undefined\"!=typeof URL&&(d.wp=d.wp||{},d.wp.receiveEmbedMessage||(d.wp.receiveEmbedMessage=function(e){var t=e.data;if((t||t.secret||t.message||t.value)&&!\/[^a-zA-Z0-9]\/.test(t.secret)){for(var s,r,n,a=l.querySelectorAll('iframe[data-secret=\"'+t.secret+'\"]'),o=l.querySelectorAll('blockquote[data-secret=\"'+t.secret+'\"]'),c=new RegExp(\"^https?:$\",\"i\"),i=0;i<o.length;i++)o[i].style.display=\"none\";for(i=0;i<a.length;i++)s=a[i],e.source===s.contentWindow&&(s.removeAttribute(\"style\"),\"height\"===t.message?(1e3<(r=parseInt(t.value,10))?r=1e3:~~r<200&&(r=200),s.height=r):\"link\"===t.message&&(r=new URL(s.getAttribute(\"src\")),n=new URL(t.value),c.test(n.protocol))&&n.host===r.host&&l.activeElement===s&&(d.top.location.href=t.value))}},d.addEventListener(\"message\",d.wp.receiveEmbedMessage,!1),l.addEventListener(\"DOMContentLoaded\",function(){for(var e,t,s=l.querySelectorAll(\"iframe.wp-embedded-content\"),r=0;r<s.length;r++)(t=(e=s[r]).getAttribute(\"data-secret\"))||(t=Math.random().toString(36).substring(2,12),e.src+=\"#?secret=\"+t,e.setAttribute(\"data-secret\",t)),e.contentWindow.postMessage({message:\"ready\",secret:t},\"*\")},!1)))}(window,document);\n\/\/# sourceURL=https:\/\/dev.centtreize.com\/rsr\/wp-includes\/js\/wp-embed.min.js\n<\/script>\n","description":"Suffit-il de faire appel \u00e0 un nouveau concile soit en raison du&nbsp;\u00ab&nbsp;d\u00e9passement&nbsp;\u00bb de Vatican II, soit en raison de l\u2019urgence \u00e0 traiter des questions nouvelles&nbsp;? Si la fr\u00e9quence des conciles n\u2019est pas d\u00e9termin\u00e9e par le droit, leur convocation est sujette \u00e0 l\u2019appr\u00e9ciation de la situation. Or, il s\u2019agit par l\u00e0 d\u2019accro\u00eetre l\u2019unit\u00e9 de l\u2019Eglise, d\u2019affronter ensemble les questions nouvelles, et de disposer de figures institutionnelles ad\u00e9quates. C\u2019est pourquoi, la distinction entre la conciliarit\u00e9 fondamentale de l\u2019Eglise, et le concile comme figure institutionnelle qui l\u2019exprime, s\u2019av\u00e8re ici essentielle. Sans se fixer sur l\u2019id\u00e9e d\u2019un Vatican III, il est n\u00e9cessaire d\u2019imaginer de nouveaux modes d\u2019expression de la conciliarit\u00e9, adapt\u00e9s aux conditions et exigences du temps."}