{"version":"1.0","provider_name":"Recherches de Science Religieuse","provider_url":"https:\/\/dev.centtreize.com\/rsr","author_name":"revue@dmin","author_url":"https:\/\/dev.centtreize.com\/rsr\/author\/revuedmin\/","title":"Le probl\u00e8me de l\u2019extension du Canon des \u00c9critures - Recherches de Science Religieuse","type":"rich","width":600,"height":338,"html":"<blockquote class=\"wp-embedded-content\" data-secret=\"oHveZJxrSm\"><a href=\"https:\/\/dev.centtreize.com\/rsr\/article\/le-probleme-de-lextension-du-canon-des-ecritures\/\">Le probl\u00e8me de l\u2019extension du Canon des \u00c9critures<\/a><\/blockquote><iframe sandbox=\"allow-scripts\" security=\"restricted\" src=\"https:\/\/dev.centtreize.com\/rsr\/article\/le-probleme-de-lextension-du-canon-des-ecritures\/embed\/#?secret=oHveZJxrSm\" width=\"600\" height=\"338\" title=\"\u00ab\u00a0Le probl\u00e8me de l\u2019extension du Canon des \u00c9critures\u00a0\u00bb &#8212; Recherches de Science Religieuse\" data-secret=\"oHveZJxrSm\" frameborder=\"0\" marginwidth=\"0\" marginheight=\"0\" scrolling=\"no\" class=\"wp-embedded-content\"><\/iframe><script>\n\/*! This file is auto-generated *\/\n!function(d,l){\"use strict\";l.querySelector&&d.addEventListener&&\"undefined\"!=typeof URL&&(d.wp=d.wp||{},d.wp.receiveEmbedMessage||(d.wp.receiveEmbedMessage=function(e){var t=e.data;if((t||t.secret||t.message||t.value)&&!\/[^a-zA-Z0-9]\/.test(t.secret)){for(var s,r,n,a=l.querySelectorAll('iframe[data-secret=\"'+t.secret+'\"]'),o=l.querySelectorAll('blockquote[data-secret=\"'+t.secret+'\"]'),c=new RegExp(\"^https?:$\",\"i\"),i=0;i<o.length;i++)o[i].style.display=\"none\";for(i=0;i<a.length;i++)s=a[i],e.source===s.contentWindow&&(s.removeAttribute(\"style\"),\"height\"===t.message?(1e3<(r=parseInt(t.value,10))?r=1e3:~~r<200&&(r=200),s.height=r):\"link\"===t.message&&(r=new URL(s.getAttribute(\"src\")),n=new URL(t.value),c.test(n.protocol))&&n.host===r.host&&l.activeElement===s&&(d.top.location.href=t.value))}},d.addEventListener(\"message\",d.wp.receiveEmbedMessage,!1),l.addEventListener(\"DOMContentLoaded\",function(){for(var e,t,s=l.querySelectorAll(\"iframe.wp-embedded-content\"),r=0;r<s.length;r++)(t=(e=s[r]).getAttribute(\"data-secret\"))||(t=Math.random().toString(36).substring(2,12),e.src+=\"#?secret=\"+t,e.setAttribute(\"data-secret\",t)),e.contentWindow.postMessage({message:\"ready\",secret:t},\"*\")},!1)))}(window,document);\n\/\/# sourceURL=https:\/\/dev.centtreize.com\/rsr\/wp-includes\/js\/wp-embed.min.js\n<\/script>\n","description":"L\u2019examen du&nbsp;\u00ab&nbsp;canon des Ecritures&nbsp;\u00bb, apr\u00e8s la cons\u00e9cration de l\u2019expression par Athanase au IVe si\u00e8cle, r\u00e9v\u00e8le d\u2019abord une \u00e9poque o\u00f9 une certaine fluidit\u00e9 caract\u00e9risait la r\u00e9flexion sur l\u2019extension des Ecritures et sur leurs limites. A partir du IVe si\u00e8cle, une mutation d\u00e9cisive se produit, \u00e0 laquelle il faut adjoindre une autre \u00e9volution s\u00e9mantique pr\u00e9par\u00e9e de longue date \u00e0 travers l\u2019emploi de diat\u00e8k\u00e8, traduit en latin par testamentum. Ainsi apparaissent deux temps forts dans l\u2019histoire des Ecritures aux premiers si\u00e8cles du christianisme. Le premier (fin du IIe si\u00e8cle, d\u00e9but du IIIe) est celui de l\u2019extension du concept de livre saint \u00e0 d\u2019autres textes que les \u00e9crits h\u00e9rit\u00e9s du juda\u00efsme&nbsp;; le second, dans la seconde moiti\u00e9 du IVe si\u00e8cle, est celui des efforts de d\u00e9limitation de l\u2019Ancien et du Nouveau Testament, des d\u00e9cisions prises pour trancher les d\u00e9bats, commenc\u00e9s deux si\u00e8cles plus t\u00f4t. L\u2019examen de quelques-uns des probl\u00e8mes que pose l\u2019extension du canon et qui s\u2019offrent ici \u00e0 l\u2019historien confirme qu\u2019ils ne sont"}