{"version":"1.0","provider_name":"Recherches de Science Religieuse","provider_url":"https:\/\/dev.centtreize.com\/rsr","author_name":"H\u00e9l\u00e8ne","author_url":"https:\/\/dev.centtreize.com\/rsr\/author\/rsr\/","title":"Le minist\u00e8re dans et pour la communaut\u00e9 - Recherches de Science Religieuse","type":"rich","width":600,"height":338,"html":"<blockquote class=\"wp-embedded-content\" data-secret=\"spRjaMwkbe\"><a href=\"https:\/\/dev.centtreize.com\/rsr\/article\/le-ministere-dans-et-pour-la-communaute\/\">Le minist\u00e8re dans et pour la communaut\u00e9<\/a><\/blockquote><iframe sandbox=\"allow-scripts\" security=\"restricted\" src=\"https:\/\/dev.centtreize.com\/rsr\/article\/le-ministere-dans-et-pour-la-communaute\/embed\/#?secret=spRjaMwkbe\" width=\"600\" height=\"338\" title=\"\u00ab\u00a0Le minist\u00e8re dans et pour la communaut\u00e9\u00a0\u00bb &#8212; Recherches de Science Religieuse\" data-secret=\"spRjaMwkbe\" frameborder=\"0\" marginwidth=\"0\" marginheight=\"0\" scrolling=\"no\" class=\"wp-embedded-content\"><\/iframe><script>\n\/*! This file is auto-generated *\/\n!function(d,l){\"use strict\";l.querySelector&&d.addEventListener&&\"undefined\"!=typeof URL&&(d.wp=d.wp||{},d.wp.receiveEmbedMessage||(d.wp.receiveEmbedMessage=function(e){var t=e.data;if((t||t.secret||t.message||t.value)&&!\/[^a-zA-Z0-9]\/.test(t.secret)){for(var s,r,n,a=l.querySelectorAll('iframe[data-secret=\"'+t.secret+'\"]'),o=l.querySelectorAll('blockquote[data-secret=\"'+t.secret+'\"]'),c=new RegExp(\"^https?:$\",\"i\"),i=0;i<o.length;i++)o[i].style.display=\"none\";for(i=0;i<a.length;i++)s=a[i],e.source===s.contentWindow&&(s.removeAttribute(\"style\"),\"height\"===t.message?(1e3<(r=parseInt(t.value,10))?r=1e3:~~r<200&&(r=200),s.height=r):\"link\"===t.message&&(r=new URL(s.getAttribute(\"src\")),n=new URL(t.value),c.test(n.protocol))&&n.host===r.host&&l.activeElement===s&&(d.top.location.href=t.value))}},d.addEventListener(\"message\",d.wp.receiveEmbedMessage,!1),l.addEventListener(\"DOMContentLoaded\",function(){for(var e,t,s=l.querySelectorAll(\"iframe.wp-embedded-content\"),r=0;r<s.length;r++)(t=(e=s[r]).getAttribute(\"data-secret\"))||(t=Math.random().toString(36).substring(2,12),e.src+=\"#?secret=\"+t,e.setAttribute(\"data-secret\",t)),e.contentWindow.postMessage({message:\"ready\",secret:t},\"*\")},!1)))}(window,document);\n\/\/# sourceURL=https:\/\/dev.centtreize.com\/rsr\/wp-includes\/js\/wp-embed.min.js\n<\/script>\n","description":"Au plan \u0153cum\u00e9nique, quelles sont les difficult\u00e9s en th\u00e9ologie du minist\u00e8re, ordonn\u00e9 plus sp\u00e9cifiquement, au sein et au service de la communaut\u00e9\u00a0? Pour recenser et analyser consensus et divergences, l\u2019\u00e9tude explore trois types de dialogue particuli\u00e8rement significatifs\u00a0: (I) un dialogue multilat\u00e9ral de Foi et Constitution du COE, le BEM (Bapt\u00eame, Eucharistie, Minist\u00e8re, 1982)\u00a0; (II) un dialogue bilat\u00e9ral international de la Commission luth\u00e9ro-catholique sur L\u2019Apostolicit\u00e9 de l\u2019\u00c9glise (2006)\u00a0; (III) le dialogue bilat\u00e9ral non officiel du Groupe des Dombes, aboutissant en 1972 \u00e0 l\u2019accord audacieux Pour une r\u00e9conciliation des minist\u00e8res."}