{"version":"1.0","provider_name":"Recherches de Science Religieuse","provider_url":"https:\/\/dev.centtreize.com\/rsr","author_name":"H\u00e9l\u00e8ne","author_url":"https:\/\/dev.centtreize.com\/rsr\/author\/rsr\/","title":"La r\u00e9ception de l\u2019\u0153uvre de Karl Rahner - Recherches de Science Religieuse","type":"rich","width":600,"height":338,"html":"<blockquote class=\"wp-embedded-content\" data-secret=\"YJiA8d16fo\"><a href=\"https:\/\/dev.centtreize.com\/rsr\/article\/la-reception-de-loeuvre-de-karl-rahner\/\">La r\u00e9ception de l\u2019\u0153uvre de Karl Rahner<\/a><\/blockquote><iframe sandbox=\"allow-scripts\" security=\"restricted\" src=\"https:\/\/dev.centtreize.com\/rsr\/article\/la-reception-de-loeuvre-de-karl-rahner\/embed\/#?secret=YJiA8d16fo\" width=\"600\" height=\"338\" title=\"\u00ab\u00a0La r\u00e9ception de l\u2019\u0153uvre de Karl Rahner\u00a0\u00bb &#8212; Recherches de Science Religieuse\" data-secret=\"YJiA8d16fo\" frameborder=\"0\" marginwidth=\"0\" marginheight=\"0\" scrolling=\"no\" class=\"wp-embedded-content\"><\/iframe><script>\n\/*! This file is auto-generated *\/\n!function(d,l){\"use strict\";l.querySelector&&d.addEventListener&&\"undefined\"!=typeof URL&&(d.wp=d.wp||{},d.wp.receiveEmbedMessage||(d.wp.receiveEmbedMessage=function(e){var t=e.data;if((t||t.secret||t.message||t.value)&&!\/[^a-zA-Z0-9]\/.test(t.secret)){for(var s,r,n,a=l.querySelectorAll('iframe[data-secret=\"'+t.secret+'\"]'),o=l.querySelectorAll('blockquote[data-secret=\"'+t.secret+'\"]'),c=new RegExp(\"^https?:$\",\"i\"),i=0;i<o.length;i++)o[i].style.display=\"none\";for(i=0;i<a.length;i++)s=a[i],e.source===s.contentWindow&&(s.removeAttribute(\"style\"),\"height\"===t.message?(1e3<(r=parseInt(t.value,10))?r=1e3:~~r<200&&(r=200),s.height=r):\"link\"===t.message&&(r=new URL(s.getAttribute(\"src\")),n=new URL(t.value),c.test(n.protocol))&&n.host===r.host&&l.activeElement===s&&(d.top.location.href=t.value))}},d.addEventListener(\"message\",d.wp.receiveEmbedMessage,!1),l.addEventListener(\"DOMContentLoaded\",function(){for(var e,t,s=l.querySelectorAll(\"iframe.wp-embedded-content\"),r=0;r<s.length;r++)(t=(e=s[r]).getAttribute(\"data-secret\"))||(t=Math.random().toString(36).substring(2,12),e.src+=\"#?secret=\"+t,e.setAttribute(\"data-secret\",t)),e.contentWindow.postMessage({message:\"ready\",secret:t},\"*\")},!1)))}(window,document);\n\/\/# sourceURL=https:\/\/dev.centtreize.com\/rsr\/wp-includes\/js\/wp-embed.min.js\n<\/script>\n","description":"La th\u00e9ologie de Karl Rahner s\u2019inscrit dans la tradition de la th\u00e9ologie catholique de l\u2019\u00e9cole j\u00e9suite classique, mais cherche \u00e0 l\u2019\u00e9largir et \u00e0 l\u2019actualiser en d\u00e9multipliant les sources auxquelles il puise et en entrant en dialogue avec la pens\u00e9e contemporaine. La r\u00e9ception de la th\u00e9ologie ainsi mise en \u0153uvre d\u00e9bute dans le cadre universitaire, pour prendre ensuite de l\u2019ampleur dans le d\u00e9bat th\u00e9ologique gr\u00e2ce \u00e0 des publications pertinentes et s\u2019imposer \u00e0 une \u00e9chelle plus large au travers de r\u00e9seaux th\u00e9ologiques (ordres religieux, groupes de travail), de projets au niveau de l\u2019organisation scientifique (lexiques, manuels), mais aussi d\u2019\u00e9crits spirituels. L\u2019\u00e9v\u00e9nement majeur du concile Vatican II la fait conna\u00eetre sur le plan international. L\u2019importance de sa th\u00e9ologie se r\u00e9v\u00e8le \u00e9galement au travers de la recherche internationale sur son \u0153uvre."}