{"version":"1.0","provider_name":"Recherches de Science Religieuse","provider_url":"https:\/\/dev.centtreize.com\/rsr","author_name":"H\u00e9l\u00e8ne","author_url":"https:\/\/dev.centtreize.com\/rsr\/author\/rsr\/","title":"La notion d'apostolicit\u00e9 selon Vatican II - Recherches de Science Religieuse","type":"rich","width":600,"height":338,"html":"<blockquote class=\"wp-embedded-content\" data-secret=\"iXJWE5GSg2\"><a href=\"https:\/\/dev.centtreize.com\/rsr\/article\/la-notion-dapostolicite-selon-vatican-ii\/\">La notion d&rsquo;apostolicit\u00e9 selon Vatican II<\/a><\/blockquote><iframe sandbox=\"allow-scripts\" security=\"restricted\" src=\"https:\/\/dev.centtreize.com\/rsr\/article\/la-notion-dapostolicite-selon-vatican-ii\/embed\/#?secret=iXJWE5GSg2\" width=\"600\" height=\"338\" title=\"\u00ab\u00a0La notion d&rsquo;apostolicit\u00e9 selon Vatican II\u00a0\u00bb &#8212; Recherches de Science Religieuse\" data-secret=\"iXJWE5GSg2\" frameborder=\"0\" marginwidth=\"0\" marginheight=\"0\" scrolling=\"no\" class=\"wp-embedded-content\"><\/iframe><script>\n\/*! This file is auto-generated *\/\n!function(d,l){\"use strict\";l.querySelector&&d.addEventListener&&\"undefined\"!=typeof URL&&(d.wp=d.wp||{},d.wp.receiveEmbedMessage||(d.wp.receiveEmbedMessage=function(e){var t=e.data;if((t||t.secret||t.message||t.value)&&!\/[^a-zA-Z0-9]\/.test(t.secret)){for(var s,r,n,a=l.querySelectorAll('iframe[data-secret=\"'+t.secret+'\"]'),o=l.querySelectorAll('blockquote[data-secret=\"'+t.secret+'\"]'),c=new RegExp(\"^https?:$\",\"i\"),i=0;i<o.length;i++)o[i].style.display=\"none\";for(i=0;i<a.length;i++)s=a[i],e.source===s.contentWindow&&(s.removeAttribute(\"style\"),\"height\"===t.message?(1e3<(r=parseInt(t.value,10))?r=1e3:~~r<200&&(r=200),s.height=r):\"link\"===t.message&&(r=new URL(s.getAttribute(\"src\")),n=new URL(t.value),c.test(n.protocol))&&n.host===r.host&&l.activeElement===s&&(d.top.location.href=t.value))}},d.addEventListener(\"message\",d.wp.receiveEmbedMessage,!1),l.addEventListener(\"DOMContentLoaded\",function(){for(var e,t,s=l.querySelectorAll(\"iframe.wp-embedded-content\"),r=0;r<s.length;r++)(t=(e=s[r]).getAttribute(\"data-secret\"))||(t=Math.random().toString(36).substring(2,12),e.src+=\"#?secret=\"+t,e.setAttribute(\"data-secret\",t)),e.contentWindow.postMessage({message:\"ready\",secret:t},\"*\")},!1)))}(window,document);\n\/\/# sourceURL=https:\/\/dev.centtreize.com\/rsr\/wp-includes\/js\/wp-embed.min.js\n<\/script>\n","description":"Dans les recherches sur Vatican II, la notion d\u2019apostolicit\u00e9 n\u2019a pas \u00e9t\u00e9 sujet d\u2019une \u00e9tude d\u00e9taill\u00e9e, bien qu\u2019elle soit un des fondements de l\u2019eccl\u00e9siologie. Notre \u00e9tude est un premier essai. Le terme est intimement reli\u00e9 \u00e0 la mission de l\u2019\u00c9glise. Apostolicit\u00e9 invoque toujours une mani\u00e8re de vivre et une doctrine. La personne et la pr\u00e9dication du Christ sont centrales&nbsp;: les ap\u00f4tres, les \u00e9v\u00eaques, les pr\u00eatres, les la\u00efcs doivent s\u2019engager dans la ligne du fondateur. Le r\u00f4le central du successeur de Pierre cr\u00e9e des tensions profondes dans les relations internes (primaut\u00e9 versus coll\u00e9gialit\u00e9&nbsp;; centralit\u00e9 versus autonomie des \u00c9glises locales). Dans les relations avec les autres d\u00e9nominations chr\u00e9tiennes, la place centrale du Saint Si\u00e8ge cause aussi des probl\u00e8mes, m\u00eame si le concile Vatican II a soulign\u00e9 les valeurs \u00e9vang\u00e9liques r\u00e9alis\u00e9es par les autres \u00c9glises et d\u00e9nominations chr\u00e9tiennes."}