{"version":"1.0","provider_name":"Recherches de Science Religieuse","provider_url":"https:\/\/dev.centtreize.com\/rsr","author_name":"H\u00e9l\u00e8ne","author_url":"https:\/\/dev.centtreize.com\/rsr\/author\/rsr\/","title":"Karl Rahner : ses sources et lieux th\u00e9ologiques - Recherches de Science Religieuse","type":"rich","width":600,"height":338,"html":"<blockquote class=\"wp-embedded-content\" data-secret=\"FNybTf4cK7\"><a href=\"https:\/\/dev.centtreize.com\/rsr\/article\/karl-rahner-ses-sources-et-lieux-theologiques\/\">Karl Rahner : ses sources et lieux th\u00e9ologiques<\/a><\/blockquote><iframe sandbox=\"allow-scripts\" security=\"restricted\" src=\"https:\/\/dev.centtreize.com\/rsr\/article\/karl-rahner-ses-sources-et-lieux-theologiques\/embed\/#?secret=FNybTf4cK7\" width=\"600\" height=\"338\" title=\"\u00ab\u00a0Karl Rahner : ses sources et lieux th\u00e9ologiques\u00a0\u00bb &#8212; Recherches de Science Religieuse\" data-secret=\"FNybTf4cK7\" frameborder=\"0\" marginwidth=\"0\" marginheight=\"0\" scrolling=\"no\" class=\"wp-embedded-content\"><\/iframe><script>\n\/*! This file is auto-generated *\/\n!function(d,l){\"use strict\";l.querySelector&&d.addEventListener&&\"undefined\"!=typeof URL&&(d.wp=d.wp||{},d.wp.receiveEmbedMessage||(d.wp.receiveEmbedMessage=function(e){var t=e.data;if((t||t.secret||t.message||t.value)&&!\/[^a-zA-Z0-9]\/.test(t.secret)){for(var s,r,n,a=l.querySelectorAll('iframe[data-secret=\"'+t.secret+'\"]'),o=l.querySelectorAll('blockquote[data-secret=\"'+t.secret+'\"]'),c=new RegExp(\"^https?:$\",\"i\"),i=0;i<o.length;i++)o[i].style.display=\"none\";for(i=0;i<a.length;i++)s=a[i],e.source===s.contentWindow&&(s.removeAttribute(\"style\"),\"height\"===t.message?(1e3<(r=parseInt(t.value,10))?r=1e3:~~r<200&&(r=200),s.height=r):\"link\"===t.message&&(r=new URL(s.getAttribute(\"src\")),n=new URL(t.value),c.test(n.protocol))&&n.host===r.host&&l.activeElement===s&&(d.top.location.href=t.value))}},d.addEventListener(\"message\",d.wp.receiveEmbedMessage,!1),l.addEventListener(\"DOMContentLoaded\",function(){for(var e,t,s=l.querySelectorAll(\"iframe.wp-embedded-content\"),r=0;r<s.length;r++)(t=(e=s[r]).getAttribute(\"data-secret\"))||(t=Math.random().toString(36).substring(2,12),e.src+=\"#?secret=\"+t,e.setAttribute(\"data-secret\",t)),e.contentWindow.postMessage({message:\"ready\",secret:t},\"*\")},!1)))}(window,document);\n\/\/# sourceURL=https:\/\/dev.centtreize.com\/rsr\/wp-includes\/js\/wp-embed.min.js\n<\/script>\n","description":"En partant des diff\u00e9rentes phases d\u2019apr\u00e8s lesquelles les \u0152uvres compl\u00e8tes r\u00e9partissent les travaux de Rahner, l\u2019on peut identifier divers lieux et diverses sources th\u00e9ologiques qui ont jou\u00e9 un r\u00f4le d\u00e9cisif dans ses prises de conscience et dans la formation de son jugement th\u00e9ologique. Il s\u2019agit plus particuli\u00e8rement de la spiritualit\u00e9 ignatienne, de la th\u00e9ologie patristique, de la th\u00e9ologie de l\u2019\u00e9cole n\u00e9oscolastique, de la probl\u00e9matique de la philosophie moderne de Descartes et de Kant \u00e0 Heidegger, et enfin de la situation sociale de la foi et de l\u2019\u00c9glise comme lieu de&nbsp;\u00ab\u00a0pastoralit\u00e9\u00a0\u00bb. Le c\u0153ur de l\u2019option fondamentale de Rahner, centr\u00e9e autour de la th\u00e9ologie de la gr\u00e2ce, peut \u00eatre situ\u00e9 dans la reformulation du th\u00e8me traditionnel de l\u2019analysis fidei."}