{"version":"1.0","provider_name":"Recherches de Science Religieuse","provider_url":"https:\/\/dev.centtreize.com\/rsr","author_name":"H\u00e9l\u00e8ne","author_url":"https:\/\/dev.centtreize.com\/rsr\/author\/rsr\/","title":"Karl Rahner et l\u2019\u0153cum\u00e9nisme : un plaidoyer pour l\u2019audace - Recherches de Science Religieuse","type":"rich","width":600,"height":338,"html":"<blockquote class=\"wp-embedded-content\" data-secret=\"D9Z4nszx3K\"><a href=\"https:\/\/dev.centtreize.com\/rsr\/article\/karl-rahner-et-loecumenisme-un-plaidoyer-pour-laudace\/\">Karl Rahner et l\u2019\u0153cum\u00e9nisme : un plaidoyer pour l\u2019audace<\/a><\/blockquote><iframe sandbox=\"allow-scripts\" security=\"restricted\" src=\"https:\/\/dev.centtreize.com\/rsr\/article\/karl-rahner-et-loecumenisme-un-plaidoyer-pour-laudace\/embed\/#?secret=D9Z4nszx3K\" width=\"600\" height=\"338\" title=\"\u00ab\u00a0Karl Rahner et l\u2019\u0153cum\u00e9nisme : un plaidoyer pour l\u2019audace\u00a0\u00bb &#8212; Recherches de Science Religieuse\" data-secret=\"D9Z4nszx3K\" frameborder=\"0\" marginwidth=\"0\" marginheight=\"0\" scrolling=\"no\" class=\"wp-embedded-content\"><\/iframe><script>\n\/*! This file is auto-generated *\/\n!function(d,l){\"use strict\";l.querySelector&&d.addEventListener&&\"undefined\"!=typeof URL&&(d.wp=d.wp||{},d.wp.receiveEmbedMessage||(d.wp.receiveEmbedMessage=function(e){var t=e.data;if((t||t.secret||t.message||t.value)&&!\/[^a-zA-Z0-9]\/.test(t.secret)){for(var s,r,n,a=l.querySelectorAll('iframe[data-secret=\"'+t.secret+'\"]'),o=l.querySelectorAll('blockquote[data-secret=\"'+t.secret+'\"]'),c=new RegExp(\"^https?:$\",\"i\"),i=0;i<o.length;i++)o[i].style.display=\"none\";for(i=0;i<a.length;i++)s=a[i],e.source===s.contentWindow&&(s.removeAttribute(\"style\"),\"height\"===t.message?(1e3<(r=parseInt(t.value,10))?r=1e3:~~r<200&&(r=200),s.height=r):\"link\"===t.message&&(r=new URL(s.getAttribute(\"src\")),n=new URL(t.value),c.test(n.protocol))&&n.host===r.host&&l.activeElement===s&&(d.top.location.href=t.value))}},d.addEventListener(\"message\",d.wp.receiveEmbedMessage,!1),l.addEventListener(\"DOMContentLoaded\",function(){for(var e,t,s=l.querySelectorAll(\"iframe.wp-embedded-content\"),r=0;r<s.length;r++)(t=(e=s[r]).getAttribute(\"data-secret\"))||(t=Math.random().toString(36).substring(2,12),e.src+=\"#?secret=\"+t,e.setAttribute(\"data-secret\",t)),e.contentWindow.postMessage({message:\"ready\",secret:t},\"*\")},!1)))}(window,document);\n\/\/# sourceURL=https:\/\/dev.centtreize.com\/rsr\/wp-includes\/js\/wp-embed.min.js\n<\/script>\n","description":"L\u2019engagement et le souci \u0153cum\u00e9niques de Karl Rahner ne sont plus \u00e0 d\u00e9montrer. Il demeure toutefois int\u00e9ressant et important d\u2019en pr\u00e9ciser les contours, au fil d\u2019une \u0153uvre o\u00f9 le th\u00e8me de la gr\u00e2ce repr\u00e9sente une sorte de fil rouge tout sauf marginal. La pr\u00e9sente contribution s\u2019attache \u00e0 trois aspects de cette \u0153uvre, \u00e0 savoir la question du th\u00e8me ou de l&rsquo;objet m\u00eame de la th\u00e9ologie, la question de la gr\u00e2ce incr\u00e9\u00e9e et cr\u00e9\u00e9e, et enfin les audacieuses th\u00e8ses de Rahner et de Fries sur l\u2019unification des chr\u00e9tiens."}