{"version":"1.0","provider_name":"Recherches de Science Religieuse","provider_url":"https:\/\/dev.centtreize.com\/rsr","author_name":"H\u00e9l\u00e8ne","author_url":"https:\/\/dev.centtreize.com\/rsr\/author\/rsr\/","title":"Incertitudes covidiennes - Recherches de Science Religieuse","type":"rich","width":600,"height":338,"html":"<blockquote class=\"wp-embedded-content\" data-secret=\"KrxaRkVz5P\"><a href=\"https:\/\/dev.centtreize.com\/rsr\/article\/incertitudes-covidiennes\/\">Incertitudes covidiennes<\/a><\/blockquote><iframe sandbox=\"allow-scripts\" security=\"restricted\" src=\"https:\/\/dev.centtreize.com\/rsr\/article\/incertitudes-covidiennes\/embed\/#?secret=KrxaRkVz5P\" width=\"600\" height=\"338\" title=\"\u00ab\u00a0Incertitudes covidiennes\u00a0\u00bb &#8212; Recherches de Science Religieuse\" data-secret=\"KrxaRkVz5P\" frameborder=\"0\" marginwidth=\"0\" marginheight=\"0\" scrolling=\"no\" class=\"wp-embedded-content\"><\/iframe><script>\n\/*! This file is auto-generated *\/\n!function(d,l){\"use strict\";l.querySelector&&d.addEventListener&&\"undefined\"!=typeof URL&&(d.wp=d.wp||{},d.wp.receiveEmbedMessage||(d.wp.receiveEmbedMessage=function(e){var t=e.data;if((t||t.secret||t.message||t.value)&&!\/[^a-zA-Z0-9]\/.test(t.secret)){for(var s,r,n,a=l.querySelectorAll('iframe[data-secret=\"'+t.secret+'\"]'),o=l.querySelectorAll('blockquote[data-secret=\"'+t.secret+'\"]'),c=new RegExp(\"^https?:$\",\"i\"),i=0;i<o.length;i++)o[i].style.display=\"none\";for(i=0;i<a.length;i++)s=a[i],e.source===s.contentWindow&&(s.removeAttribute(\"style\"),\"height\"===t.message?(1e3<(r=parseInt(t.value,10))?r=1e3:~~r<200&&(r=200),s.height=r):\"link\"===t.message&&(r=new URL(s.getAttribute(\"src\")),n=new URL(t.value),c.test(n.protocol))&&n.host===r.host&&l.activeElement===s&&(d.top.location.href=t.value))}},d.addEventListener(\"message\",d.wp.receiveEmbedMessage,!1),l.addEventListener(\"DOMContentLoaded\",function(){for(var e,t,s=l.querySelectorAll(\"iframe.wp-embedded-content\"),r=0;r<s.length;r++)(t=(e=s[r]).getAttribute(\"data-secret\"))||(t=Math.random().toString(36).substring(2,12),e.src+=\"#?secret=\"+t,e.setAttribute(\"data-secret\",t)),e.contentWindow.postMessage({message:\"ready\",secret:t},\"*\")},!1)))}(window,document);\n\/\/# sourceURL=https:\/\/dev.centtreize.com\/rsr\/wp-includes\/js\/wp-embed.min.js\n<\/script>\n","description":"Outre les morts qu\u2019elle a provoqu\u00e9es, la pand\u00e9mie a \u00e9t\u00e9 (et reste) une exp\u00e9rience inconnue, difficile \u00e0 vivre pour la plupart, toutes g\u00e9n\u00e9rations confondues. Elle a provoqu\u00e9 rapidement d\u00e9pressions et fatigue. Elle a mis \u00e0 l\u2019\u00e9preuve la confiance, ou accru la d\u00e9fiance, envers la politique, la science m\u00e9dicale, le syst\u00e8me de sant\u00e9, et donn\u00e9 libre cours au&nbsp;\u201ccomplotisme\u201d et aux proc\u00e8s de la d\u00e9mocratie. L\u2019\u00c9glise catholique a \u00e9t\u00e9 soumise aux m\u00eames mesures que les autres cultes, mais les restrictions apport\u00e9es \u00e0 la libert\u00e9 de culte (\u00e0 la c\u00e9l\u00e9bration de la messe) ont divis\u00e9 les catholiques (y compris la Conf\u00e9rence \u00e9piscopale), et pos\u00e9 la question de la messe, de sa place dans la vie cultuelle et sacramentelle, ainsi que des formes de sa c\u00e9l\u00e9bration."}