{"version":"1.0","provider_name":"Recherches de Science Religieuse","provider_url":"https:\/\/dev.centtreize.com\/rsr","author_name":"H\u00e9l\u00e8ne","author_url":"https:\/\/dev.centtreize.com\/rsr\/author\/rsr\/","title":"Conciliarit\u00e9 de l'\u00c9glise. Th\u00e9ologalit\u00e9, pluralit\u00e9, historicit\u00e9 - Recherches de Science Religieuse","type":"rich","width":600,"height":338,"html":"<blockquote class=\"wp-embedded-content\" data-secret=\"zI2ugbJpOd\"><a href=\"https:\/\/dev.centtreize.com\/rsr\/article\/conciliarite-de-leglise-theologalite-pluralite-historicite\/\">Conciliarit\u00e9 de l&rsquo;\u00c9glise. Th\u00e9ologalit\u00e9, pluralit\u00e9, historicit\u00e9<\/a><\/blockquote><iframe sandbox=\"allow-scripts\" security=\"restricted\" src=\"https:\/\/dev.centtreize.com\/rsr\/article\/conciliarite-de-leglise-theologalite-pluralite-historicite\/embed\/#?secret=zI2ugbJpOd\" width=\"600\" height=\"338\" title=\"\u00ab\u00a0Conciliarit\u00e9 de l&rsquo;\u00c9glise. Th\u00e9ologalit\u00e9, pluralit\u00e9, historicit\u00e9\u00a0\u00bb &#8212; Recherches de Science Religieuse\" data-secret=\"zI2ugbJpOd\" frameborder=\"0\" marginwidth=\"0\" marginheight=\"0\" scrolling=\"no\" class=\"wp-embedded-content\"><\/iframe><script>\n\/*! This file is auto-generated *\/\n!function(d,l){\"use strict\";l.querySelector&&d.addEventListener&&\"undefined\"!=typeof URL&&(d.wp=d.wp||{},d.wp.receiveEmbedMessage||(d.wp.receiveEmbedMessage=function(e){var t=e.data;if((t||t.secret||t.message||t.value)&&!\/[^a-zA-Z0-9]\/.test(t.secret)){for(var s,r,n,a=l.querySelectorAll('iframe[data-secret=\"'+t.secret+'\"]'),o=l.querySelectorAll('blockquote[data-secret=\"'+t.secret+'\"]'),c=new RegExp(\"^https?:$\",\"i\"),i=0;i<o.length;i++)o[i].style.display=\"none\";for(i=0;i<a.length;i++)s=a[i],e.source===s.contentWindow&&(s.removeAttribute(\"style\"),\"height\"===t.message?(1e3<(r=parseInt(t.value,10))?r=1e3:~~r<200&&(r=200),s.height=r):\"link\"===t.message&&(r=new URL(s.getAttribute(\"src\")),n=new URL(t.value),c.test(n.protocol))&&n.host===r.host&&l.activeElement===s&&(d.top.location.href=t.value))}},d.addEventListener(\"message\",d.wp.receiveEmbedMessage,!1),l.addEventListener(\"DOMContentLoaded\",function(){for(var e,t,s=l.querySelectorAll(\"iframe.wp-embedded-content\"),r=0;r<s.length;r++)(t=(e=s[r]).getAttribute(\"data-secret\"))||(t=Math.random().toString(36).substring(2,12),e.src+=\"#?secret=\"+t,e.setAttribute(\"data-secret\",t)),e.contentWindow.postMessage({message:\"ready\",secret:t},\"*\")},!1)))}(window,document);\n\/\/# sourceURL=https:\/\/dev.centtreize.com\/rsr\/wp-includes\/js\/wp-embed.min.js\n<\/script>\n","description":"La conciliarit\u00e9 de l\u2019\u00c9glise ou qu\u2019est l\u2019\u00c9glise, tel est le sujet de cette\u00a0\u00e9tude. On s\u2019efforce d\u2019en explorer et fonder (scripturairement, traditionnellement)\u00a0(I) d\u2019abord l\u2019enracinement th\u00e9ologal ou trinitaire et\u00a0eucharistique, (II) ensuite la dimension plus sp\u00e9cifiquement pneumatologique\u00a0et pentecostale, articulant diversit\u00e9 et unit\u00e9\/universalit\u00e9\u00a0dans l\u2019histoire, aux dimensions du cosmos ou de la cr\u00e9ation tout\u00a0enti\u00e8re, (III) enfin l\u2019historicit\u00e9 radicale, qui, \u00e0 la fois, relativise les\u00a0formes institutionnelles qu\u2019elle peut prendre et suscite une cr\u00e9ativit\u00e9\u00a0culturelle et institutionnelle au service de la communion eccl\u00e9siale."}