{"version":"1.0","provider_name":"Recherches de Science Religieuse","provider_url":"https:\/\/dev.centtreize.com\/rsr","author_name":"revue@dmin","author_url":"https:\/\/dev.centtreize.com\/rsr\/author\/revuedmin\/","title":"Qui et quoi. Questions historiques pour un concile de demain - Recherches de Science Religieuse","type":"rich","width":600,"height":338,"html":"<blockquote class=\"wp-embedded-content\" data-secret=\"ehuJ5lKqvz\"><a href=\"https:\/\/dev.centtreize.com\/rsr\/article\/article-28\/\">Qui et quoi. Questions historiques pour un concile de demain<\/a><\/blockquote><iframe sandbox=\"allow-scripts\" security=\"restricted\" src=\"https:\/\/dev.centtreize.com\/rsr\/article\/article-28\/embed\/#?secret=ehuJ5lKqvz\" width=\"600\" height=\"338\" title=\"\u00ab\u00a0Qui et quoi. Questions historiques pour un concile de demain\u00a0\u00bb &#8212; Recherches de Science Religieuse\" data-secret=\"ehuJ5lKqvz\" frameborder=\"0\" marginwidth=\"0\" marginheight=\"0\" scrolling=\"no\" class=\"wp-embedded-content\"><\/iframe><script>\n\/*! This file is auto-generated *\/\n!function(d,l){\"use strict\";l.querySelector&&d.addEventListener&&\"undefined\"!=typeof URL&&(d.wp=d.wp||{},d.wp.receiveEmbedMessage||(d.wp.receiveEmbedMessage=function(e){var t=e.data;if((t||t.secret||t.message||t.value)&&!\/[^a-zA-Z0-9]\/.test(t.secret)){for(var s,r,n,a=l.querySelectorAll('iframe[data-secret=\"'+t.secret+'\"]'),o=l.querySelectorAll('blockquote[data-secret=\"'+t.secret+'\"]'),c=new RegExp(\"^https?:$\",\"i\"),i=0;i<o.length;i++)o[i].style.display=\"none\";for(i=0;i<a.length;i++)s=a[i],e.source===s.contentWindow&&(s.removeAttribute(\"style\"),\"height\"===t.message?(1e3<(r=parseInt(t.value,10))?r=1e3:~~r<200&&(r=200),s.height=r):\"link\"===t.message&&(r=new URL(s.getAttribute(\"src\")),n=new URL(t.value),c.test(n.protocol))&&n.host===r.host&&l.activeElement===s&&(d.top.location.href=t.value))}},d.addEventListener(\"message\",d.wp.receiveEmbedMessage,!1),l.addEventListener(\"DOMContentLoaded\",function(){for(var e,t,s=l.querySelectorAll(\"iframe.wp-embedded-content\"),r=0;r<s.length;r++)(t=(e=s[r]).getAttribute(\"data-secret\"))||(t=Math.random().toString(36).substring(2,12),e.src+=\"#?secret=\"+t,e.setAttribute(\"data-secret\",t)),e.contentWindow.postMessage({message:\"ready\",secret:t},\"*\")},!1)))}(window,document);\n\/\/# sourceURL=https:\/\/dev.centtreize.com\/rsr\/wp-includes\/js\/wp-embed.min.js\n<\/script>\n","description":"Le passage du XXe au XXIe si\u00e8cle est marqu\u00e9 par une attente et un horizon. En effet, l\u2019Eglise contemporaine ne peut ignorer les conditions dans lesquelles s\u2019est effectu\u00e9 ce passage, pas plus qu\u2019elle ne peut s\u2019abstraire de la situation g\u00e9opolitique actuelle. C\u2019est sur cet horizon que s\u2019inscrit la r\u00e9flexion d\u2019A. Melloni. Cependant, si on peut ou doit envisager un nouveau concile, encore faut-il \u00eatre au clair avec l\u2019histoire des conciles, et surtout avec l\u2019histoire de Vatican II dont les lectures sont multiples, les plus restrictives n\u2019\u00e9tant pas les moins g\u00eanantes face \u00e0 l\u2019avenir. La difficult\u00e9 des Eglises chr\u00e9tiennes, et pas seulement de l\u2019Eglise catholique, \u00e0 exprimer l\u2019exp\u00e9rience chr\u00e9tienne, notamment comme lieu de pardon et de paix, n\u2019est pas le moindre obstacle \u00e0 une audience et \u00e0 des confrontations positives dans le cadre de l\u2019institution conciliaire."}